{"id":3756,"date":"2024-09-20T13:20:43","date_gmt":"2024-09-20T12:20:43","guid":{"rendered":"https:\/\/rd-immokonzept.stark-systems.de\/?page_id=3756"},"modified":"2025-05-31T16:27:05","modified_gmt":"2025-05-31T15:27:05","slug":"kaeuferfinder","status":"publish","type":"page","link":"https:\/\/rd-immokonzept.de\/en\/kaeuferfinder\/","title":{"rendered":"Buyer finder"},"content":{"rendered":"\t\t<div data-elementor-type=\"wp-page\" data-elementor-id=\"3756\" class=\"elementor elementor-3756\" data-elementor-post-type=\"page\">\n\t\t\t\t<div class=\"elementor-element elementor-element-dd537c3 e-flex e-con-boxed e-con e-parent\" data-id=\"dd537c3\" data-element_type=\"container\" data-e-type=\"container\" data-settings=\"{&quot;background_background&quot;:&quot;gradient&quot;}\">\n\t\t\t\t\t<div class=\"e-con-inner\">\n\t\t\t\t\t<\/div>\n\t\t\t\t<\/div>\n\t\t<div class=\"elementor-element elementor-element-602a9fb e-flex e-con-boxed e-con e-child\" data-id=\"602a9fb\" data-element_type=\"container\" data-e-type=\"container\">\n\t\t\t\t\t<div class=\"e-con-inner\">\n\t\t\t\t<div class=\"elementor-element elementor-element-117985c elementor-widget elementor-widget-heading\" data-id=\"117985c\" data-element_type=\"widget\" data-e-type=\"widget\" data-widget_type=\"heading.default\">\n\t\t\t\t<div class=\"elementor-widget-container\">\n\t\t\t\t\t<h1 class=\"elementor-heading-title elementor-size-default\">Finden Sie den perfekten K\u00e4ufer f\u00fcr Ihre Immobilie<\/h1>\t\t\t\t<\/div>\n\t\t\t\t<\/div>\n\t\t\t\t<div class=\"elementor-element elementor-element-033310e elementor-widget elementor-widget-text-editor\" data-id=\"033310e\" data-element_type=\"widget\" data-e-type=\"widget\" data-widget_type=\"text-editor.default\">\n\t\t\t\t<div class=\"elementor-widget-container\">\n\t\t\t\t\t\t\t\t\tMit unserem innovativen K\u00e4uferfinder-Tool bieten wir Verk\u00e4ufern eine einzigartige M\u00f6glichkeit, potenzielle K\u00e4ufer f\u00fcr Ihre Immobilie schnell und effizient zu identifizieren. Basierend auf den in unserer Makler-Datenbank hinterlegten aktiven Suchprofilen visualisiert der K\u00e4uferfinder alle Interessenten, die in einem bestimmten PLZ-Bereich nach Immobilien suchen.\t\t\t\t\t\t\t\t<\/div>\n\t\t\t\t<\/div>\n\t\t\t\t\t<\/div>\n\t\t\t\t<\/div>\n\t\t<div class=\"elementor-element elementor-element-05e1090 e-con-full e-flex e-con e-parent\" data-id=\"05e1090\" data-element_type=\"container\" data-e-type=\"container\">\n\t\t<div class=\"elementor-element elementor-element-ec673e5 e-flex e-con-boxed e-con e-child\" data-id=\"ec673e5\" data-element_type=\"container\" data-e-type=\"container\">\n\t\t\t\t\t<div class=\"e-con-inner\">\n\t\t\t\t<div class=\"elementor-element elementor-element-8756acd elementor-widget elementor-widget-heading\" data-id=\"8756acd\" data-element_type=\"widget\" data-e-type=\"widget\" data-widget_type=\"heading.default\">\n\t\t\t\t<div class=\"elementor-widget-container\">\n\t\t\t\t\t<h2 class=\"elementor-heading-title elementor-size-default\">Sehen Sie hier welche Kontakte aus der Maklerkartei in Ihrer Region suchen<\/h2>\t\t\t\t<\/div>\n\t\t\t\t<\/div>\n\t\t\t\t\t<\/div>\n\t\t\t\t<\/div>\n\t\t\t\t<\/div>\n\t\t<div class=\"elementor-element elementor-element-3677864 e-flex e-con-boxed e-con e-parent\" data-id=\"3677864\" data-element_type=\"container\" data-e-type=\"container\">\n\t\t\t\t\t<div class=\"e-con-inner\">\n\t\t<div class=\"elementor-element elementor-element-40447f9 e-con-full e-flex e-con e-child\" data-id=\"40447f9\" data-element_type=\"container\" data-e-type=\"container\">\n\t\t\t\t<div class=\"elementor-element elementor-element-98f4f2c elementor-widget elementor-widget-heading\" data-id=\"98f4f2c\" data-element_type=\"widget\" data-e-type=\"widget\" data-widget_type=\"heading.default\">\n\t\t\t\t<div class=\"elementor-widget-container\">\n\t\t\t\t\t<h2 class=\"elementor-heading-title elementor-size-default\">Alles unter einem Dach<\/h2>\t\t\t\t<\/div>\n\t\t\t\t<\/div>\n\t\t\t\t<div class=\"elementor-element elementor-element-f824c8f elementor-widget elementor-widget-text-editor\" data-id=\"f824c8f\" data-element_type=\"widget\" data-e-type=\"widget\" data-widget_type=\"text-editor.default\">\n\t\t\t\t<div class=\"elementor-widget-container\">\n\t\t\t\t\t\t\t\t\t<p>Bei RD-Immokonzept bieten wir Ihnen umfassende Unterst\u00fctzung beim Immobilienverkauf. Unsere professionelle Beratung und pr\u00e4zise Bewertung mit Marktcheck sorgen daf\u00fcr, dass Sie den bestm\u00f6glichen Preis erzielen. Wir erstellen fundierte Gutachten und k\u00fcmmern uns um alle notwendigen Unterlagen wie Flurkarten, Energieausweise und Grundbuchausz\u00fcge.<\/p><p>\u00a0<\/p><p>Durch hochwertige Bilder, 3D-Grundrisse und 360\u00b0-Rundg\u00e4nge wird Ihre Immobilie optimal pr\u00e4sentiert. Unsere individuellen Expos\u00e9s und die Vermarktung auf zahlreichen Plattformen maximieren die Reichweite. Wir betreuen Kaufinteressenten umfassend und organisieren Besichtigungen, w\u00e4hrend wir die gesamte Korrespondenz und Zuarbeit mit dem Notariat koordinieren, um eine reibungslose Abwicklung zu gew\u00e4hrleisten.\u00a0<\/p>\t\t\t\t\t\t\t\t<\/div>\n\t\t\t\t<\/div>\n\t\t\t\t<div class=\"elementor-element elementor-element-a262ff5 btn-w-100-mobile elementor-widget elementor-widget-button\" data-id=\"a262ff5\" data-element_type=\"widget\" data-e-type=\"widget\" data-widget_type=\"button.default\">\n\t\t\t\t<div class=\"elementor-widget-container\">\n\t\t\t\t\t\t\t\t\t<div class=\"elementor-button-wrapper\">\n\t\t\t\t\t<a class=\"elementor-button elementor-button-link elementor-size-sm\" href=\"#\">\n\t\t\t\t\t\t<span class=\"elementor-button-content-wrapper\">\n\t\t\t\t\t\t\t\t\t<span class=\"elementor-button-text\">Kontakt aufnehmen<\/span>\n\t\t\t\t\t<\/span>\n\t\t\t\t\t<\/a>\n\t\t\t\t<\/div>\n\t\t\t\t\t\t\t\t<\/div>\n\t\t\t\t<\/div>\n\t\t\t\t<\/div>\n\t\t<div class=\"elementor-element elementor-element-89e9f9b e-con-full e-flex e-con e-child\" data-id=\"89e9f9b\" data-element_type=\"container\" data-e-type=\"container\">\n\t\t\t\t<div class=\"elementor-element elementor-element-bd2d12b elementor-widget elementor-widget-image\" data-id=\"bd2d12b\" data-element_type=\"widget\" data-e-type=\"widget\" data-widget_type=\"image.default\">\n\t\t\t\t<div class=\"elementor-widget-container\">\n\t\t\t\t\t\t\t\t\t\t\t\t\t\t\t<img decoding=\"async\" width=\"1920\" height=\"1281\" src=\"https:\/\/rd-immokonzept.de\/wp-content\/uploads\/2024\/09\/DSC03774.jpg\" class=\"attachment-large size-large wp-image-3238\" alt=\"\" srcset=\"https:\/\/rd-immokonzept.de\/wp-content\/uploads\/2024\/09\/DSC03774.jpg 1920w, https:\/\/rd-immokonzept.de\/wp-content\/uploads\/2024\/09\/DSC03774-18x12.jpg 18w\" sizes=\"(max-width: 1920px) 100vw, 1920px\" title=\"\">\t\t\t\t\t\t\t\t\t\t\t\t\t\t\t<\/div>\n\t\t\t\t<\/div>\n\t\t\t\t<\/div>\n\t\t\t\t\t<\/div>\n\t\t\t\t<\/div>\n\t\t<div class=\"elementor-element elementor-element-2092d11 e-con-full e-flex e-con e-parent\" data-id=\"2092d11\" data-element_type=\"container\" data-e-type=\"container\" data-settings=\"{&quot;background_background&quot;:&quot;classic&quot;}\">\n\t\t\t\t<div class=\"elementor-element elementor-element-510e149 elementor-widget elementor-widget-heading\" data-id=\"510e149\" data-element_type=\"widget\" data-e-type=\"widget\" data-widget_type=\"heading.default\">\n\t\t\t\t<div class=\"elementor-widget-container\">\n\t\t\t\t\t<h2 class=\"elementor-heading-title elementor-size-default\">Erfolgreiche Vermittlungen<\/h2>\t\t\t\t<\/div>\n\t\t\t\t<\/div>\n\t\t\t\t<div data-frymo-query-id=\"\" data-frymo-widget-settings=\"{&quot;post_id&quot;:3756,&quot;widget_id&quot;:&quot;3510748&quot;,&quot;query_id&quot;:&quot;&quot;}\" class=\"elementor-element elementor-element-3510748 elementor-widget elementor-widget-frymo-listing\" data-id=\"3510748\" data-element_type=\"widget\" data-e-type=\"widget\" data-settings=\"{&quot;slides_per_view_dropdown&quot;:&quot;3&quot;,&quot;slides_per_view_dropdown_tablet&quot;:&quot;2&quot;,&quot;slides_per_view_dropdown_mobile&quot;:&quot;1&quot;}\" data-widget_type=\"frymo-listing.grid-skin\">\n\t\t\t\t<div class=\"elementor-widget-container\">\n\t\t\t\t\t<div class=\"swiper-slider-container frymo-listing-slider swiper\" data-slider-settings={&quot;enable_slider&quot;:&quot;yes&quot;,&quot;speed&quot;:9000,&quot;pagination_type&quot;:&quot;none&quot;,&quot;breakpoints&quot;:{&quot;0&quot;:{&quot;slidesPerView&quot;:1},&quot;767&quot;:{&quot;slidesPerView&quot;:2},&quot;1024&quot;:{&quot;slidesPerView&quot;:3}},&quot;spaceBetween&quot;:16,&quot;autoplay_delay&quot;:3000,&quot;autoplay_pause_on_hover&quot;:&quot;&quot;,&quot;loop&quot;:true,&quot;autoplay&quot;:true,&quot;freeMode&quot;:true,&quot;centeredSlides&quot;:false}><div class=\"frymo-listing frymo-listing-grid-skin swiper-wrapper\" data-settings=\"{&quot;post_id&quot;:3756,&quot;widget_id&quot;:&quot;3510748&quot;,&quot;query_id&quot;:&quot;&quot;}\"><script type=\"application\/ld+json\">{\"@context\":\"https:\/\/schema.org\",\"@type\":\"ItemList\",\"itemListElement\":[{\"@type\":\"ListItem\",\"position\":1,\"name\":\"Bauernhaus in ruhiger zentraler Lage von Hermsdorf\",\"url\":\"https:\/\/rd-immokonzept.de\/en\/immobilie\/bauernhaus-in-ruhiger-zentraler-lage-von-hermsdorf\/\"},{\"@type\":\"ListItem\",\"position\":2,\"name\":\"Sch\u00f6nes Einfamilienhaus mit tollem Garten\",\"url\":\"https:\/\/rd-immokonzept.de\/en\/immobilie\/schoenes-einfamilienhaus-mit-tollem-garten\/\"},{\"@type\":\"ListItem\",\"position\":3,\"name\":\"MFH als Kapitalanlage\",\"url\":\"https:\/\/rd-immokonzept.de\/en\/immobilie\/mfh-als-kapitalanlage\/\"},{\"@type\":\"ListItem\",\"position\":4,\"name\":\"fertiges EFH mit Solaranlage, L\u00fcftung mit W\u00e4rmer\u00fcckgewinnung, 2 Terrassen, Zisterne zum Festpreis\",\"url\":\"https:\/\/rd-immokonzept.de\/en\/immobilie\/fertiges-efh-mit-solaranlage-lueftung-mit-waermerueckgewinnung-2-terrassen-zisterne-zum-festpreis\/\"},{\"@type\":\"ListItem\",\"position\":5,\"name\":\"Einfamilienhaus mit gro\u00dfem Grundst\u00fcck\",\"url\":\"https:\/\/rd-immokonzept.de\/en\/immobilie\/einfamilienhaus-mit-grossem-grundstueck\/\"},{\"@type\":\"ListItem\",\"position\":6,\"name\":\"Einfamilienhaus am Stadtrand\",\"url\":\"https:\/\/rd-immokonzept.de\/en\/immobilie\/einfamilienhaus-am-stadtrand\/\"},{\"@type\":\"ListItem\",\"position\":7,\"name\":\"Ihr neues Eigenheim in toller Lage von Jena\",\"url\":\"https:\/\/rd-immokonzept.de\/en\/immobilie\/ihr-neues-eigenheim-in-toller-lage-von-jena\/\"}]}<\/script><article class=\"frymo-listing-item post-id-10847 swiper-slide\"><div class=\"frymo-listing-image\"><div class=\"frymo-listing-badges\"><div class=\"frymo-listing-badge badge-type badge-kauf\">Kauf<\/div><\/div><div class=\"frymo-listing-image-wrapper\"><img decoding=\"async\" width=\"768\" height=\"581\" src=\"https:\/\/rd-immokonzept.de\/wp-content\/uploads\/2026\/02\/b975b658-f1d5-4e9c-be54-5ffc83f55f9d.jpg\" class=\"attachment-medium_large size-medium_large wp-post-image\" alt=\"Garten\" srcset=\"https:\/\/rd-immokonzept.de\/wp-content\/uploads\/2026\/02\/b975b658-f1d5-4e9c-be54-5ffc83f55f9d.jpg 1000w, https:\/\/rd-immokonzept.de\/wp-content\/uploads\/2026\/02\/b975b658-f1d5-4e9c-be54-5ffc83f55f9d-16x12.jpg 16w\" sizes=\"(max-width: 768px) 100vw, 768px\" title=\"\"><\/div><\/div><div class=\"frymo-listing-content\"><h3 class='frymo-listing-title'>Einfamilienhaus<\/h3><div class=\"frymo-listing-location\"><i class=\"frymo-icon frymo-icon-location-2\"><\/i>Hermsdorf<\/div><div class=\"frymo-listing-meta\"><span class=\"frymo-listing-meta-item frymo-listing-area \" data-frymo-tooltip=\"Wohnfl\u00e4che ca.\"><i class=\"frymo-icon frymo-icon-flaeche\"><\/i><div class=\"frymo-listing-meta-item-value\">195,00 m\u00b2<\/div><\/span><span class=\"frymo-listing-meta-item frymo-listing-bedrooms \" data-frymo-tooltip=\"Schlafzimmer\"><i class=\"frymo-icon frymo-icon-betten\"><\/i><div class=\"frymo-listing-meta-item-value\">3<\/div><\/span><span class=\"frymo-listing-meta-item frymo-listing-rooms \" data-frymo-tooltip=\"Zimmer\"><i class=\"frymo-icon frymo-icon-raum\"><\/i><div class=\"frymo-listing-meta-item-value\">5<\/div><\/span><span class=\"frymo-listing-meta-item frymo-listing-bathrooms \" data-frymo-tooltip=\"Badezimmer\"><i class=\"frymo-icon frymo-icon-bad\"><\/i><div class=\"frymo-listing-meta-item-value\">1<\/div><\/span><span class=\"frymo-listing-meta-item frymo-listing-ground_area \" data-frymo-tooltip=\"Grundst\u00fccksfl\u00e4che ca.\"><i class=\"frymo-icon frymo-icon-grundstuecksflaeche\"><\/i><div class=\"frymo-listing-meta-item-value\">1.601,00 m\u00b2<\/div><\/span><\/div><\/div><\/article><article class=\"frymo-listing-item post-id-10832 swiper-slide\"><div class=\"frymo-listing-image\"><div class=\"frymo-listing-badges\"><div class=\"frymo-listing-badge badge-type badge-kauf\">Kauf<\/div><\/div><div class=\"frymo-listing-image-wrapper\"><img decoding=\"async\" width=\"768\" height=\"581\" src=\"https:\/\/rd-immokonzept.de\/wp-content\/uploads\/2026\/02\/d0d71874-7481-4242-8170-c784e0e29959.jpg\" class=\"attachment-medium_large size-medium_large wp-post-image\" alt=\"Front\" srcset=\"https:\/\/rd-immokonzept.de\/wp-content\/uploads\/2026\/02\/d0d71874-7481-4242-8170-c784e0e29959.jpg 1000w, https:\/\/rd-immokonzept.de\/wp-content\/uploads\/2026\/02\/d0d71874-7481-4242-8170-c784e0e29959-16x12.jpg 16w\" sizes=\"(max-width: 768px) 100vw, 768px\" title=\"\"><\/div><\/div><div class=\"frymo-listing-content\"><h3 class='frymo-listing-title'>Einfamilienhaus<\/h3><div class=\"frymo-listing-location\"><i class=\"frymo-icon frymo-icon-location-2\"><\/i>Harth-P\u00f6llnitz<\/div><div class=\"frymo-listing-meta\"><span class=\"frymo-listing-meta-item frymo-listing-area \" data-frymo-tooltip=\"Wohnfl\u00e4che ca.\"><i class=\"frymo-icon frymo-icon-flaeche\"><\/i><div class=\"frymo-listing-meta-item-value\">135,00 m\u00b2<\/div><\/span><span class=\"frymo-listing-meta-item frymo-listing-bedrooms \" data-frymo-tooltip=\"Schlafzimmer\"><i class=\"frymo-icon frymo-icon-betten\"><\/i><div class=\"frymo-listing-meta-item-value\">3<\/div><\/span><span class=\"frymo-listing-meta-item frymo-listing-rooms \" data-frymo-tooltip=\"Zimmer\"><i class=\"frymo-icon frymo-icon-raum\"><\/i><div class=\"frymo-listing-meta-item-value\">5<\/div><\/span><span class=\"frymo-listing-meta-item frymo-listing-bathrooms \" data-frymo-tooltip=\"Badezimmer\"><i class=\"frymo-icon frymo-icon-bad\"><\/i><div class=\"frymo-listing-meta-item-value\">2<\/div><\/span><span class=\"frymo-listing-meta-item frymo-listing-ground_area \" data-frymo-tooltip=\"Grundst\u00fccksfl\u00e4che ca.\"><i class=\"frymo-icon frymo-icon-grundstuecksflaeche\"><\/i><div class=\"frymo-listing-meta-item-value\">645,00 m\u00b2<\/div><\/span><\/div><\/div><\/article><article class=\"frymo-listing-item post-id-10782 swiper-slide\"><div class=\"frymo-listing-image\"><div class=\"frymo-listing-badges\"><div class=\"frymo-listing-badge badge-type badge-kauf\">Kauf<\/div><\/div><div class=\"frymo-listing-image-wrapper\"><img decoding=\"async\" width=\"768\" height=\"581\" src=\"https:\/\/rd-immokonzept.de\/wp-content\/uploads\/2026\/02\/aa72756a-5482-4034-8f85-17782d14624f.jpg\" class=\"attachment-medium_large size-medium_large wp-post-image\" alt=\"Stra\u00dfenansicht\" srcset=\"https:\/\/rd-immokonzept.de\/wp-content\/uploads\/2026\/02\/aa72756a-5482-4034-8f85-17782d14624f.jpg 1000w, https:\/\/rd-immokonzept.de\/wp-content\/uploads\/2026\/02\/aa72756a-5482-4034-8f85-17782d14624f-16x12.jpg 16w\" sizes=\"(max-width: 768px) 100vw, 768px\" title=\"\"><\/div><\/div><div class=\"frymo-listing-content\"><h3 class='frymo-listing-title'>Haus<\/h3><div class=\"frymo-listing-location\"><i class=\"frymo-icon frymo-icon-location-2\"><\/i>P\u00f6\u00dfneck \/ \u00d6pitz<\/div><div class=\"frymo-listing-meta\"><span class=\"frymo-listing-meta-item frymo-listing-area \" data-frymo-tooltip=\"Wohnfl\u00e4che ca.\"><i class=\"frymo-icon frymo-icon-flaeche\"><\/i><div class=\"frymo-listing-meta-item-value\">215,00 m\u00b2<\/div><\/span><span class=\"frymo-listing-meta-item frymo-listing-bedrooms \" data-frymo-tooltip=\"Schlafzimmer\"><i class=\"frymo-icon frymo-icon-betten\"><\/i><div class=\"frymo-listing-meta-item-value\">3<\/div><\/span><span class=\"frymo-listing-meta-item frymo-listing-rooms \" data-frymo-tooltip=\"Zimmer\"><i class=\"frymo-icon frymo-icon-raum\"><\/i><div class=\"frymo-listing-meta-item-value\">11<\/div><\/span><span class=\"frymo-listing-meta-item frymo-listing-bathrooms \" data-frymo-tooltip=\"Badezimmer\"><i class=\"frymo-icon frymo-icon-bad\"><\/i><div class=\"frymo-listing-meta-item-value\">3<\/div><\/span><span class=\"frymo-listing-meta-item frymo-listing-ground_area \" data-frymo-tooltip=\"Grundst\u00fccksfl\u00e4che ca.\"><i class=\"frymo-icon frymo-icon-grundstuecksflaeche\"><\/i><div class=\"frymo-listing-meta-item-value\">967,00 m\u00b2<\/div><\/span><\/div><\/div><\/article><article class=\"frymo-listing-item post-id-10781 swiper-slide\"><div class=\"frymo-listing-image\"><div class=\"frymo-listing-badges\"><div class=\"frymo-listing-badge badge-type badge-kauf\">Kauf<\/div><\/div><div class=\"frymo-listing-image-wrapper\"><img decoding=\"async\" width=\"768\" height=\"581\" src=\"https:\/\/rd-immokonzept.de\/wp-content\/uploads\/2026\/02\/71367.jpg\" class=\"attachment-medium_large size-medium_large wp-post-image\" alt=\"Ansicht Eingangsseite\" srcset=\"https:\/\/rd-immokonzept.de\/wp-content\/uploads\/2026\/02\/71367.jpg 1000w, https:\/\/rd-immokonzept.de\/wp-content\/uploads\/2026\/02\/71367-16x12.jpg 16w\" sizes=\"(max-width: 768px) 100vw, 768px\" title=\"\"><\/div><\/div><div class=\"frymo-listing-content\"><h3 class='frymo-listing-title'>Einfamilienhaus<\/h3><div class=\"frymo-listing-location\"><i class=\"frymo-icon frymo-icon-location-2\"><\/i>P\u00f6\u00dfneck<\/div><div class=\"frymo-listing-meta\"><span class=\"frymo-listing-meta-item frymo-listing-area \" data-frymo-tooltip=\"Wohnfl\u00e4che ca.\"><i class=\"frymo-icon frymo-icon-flaeche\"><\/i><div class=\"frymo-listing-meta-item-value\">147,00 m\u00b2<\/div><\/span><span class=\"frymo-listing-meta-item frymo-listing-bedrooms \" data-frymo-tooltip=\"Schlafzimmer\"><i class=\"frymo-icon frymo-icon-betten\"><\/i><div class=\"frymo-listing-meta-item-value\">4<\/div><\/span><span class=\"frymo-listing-meta-item frymo-listing-rooms \" data-frymo-tooltip=\"Zimmer\"><i class=\"frymo-icon frymo-icon-raum\"><\/i><div class=\"frymo-listing-meta-item-value\">6<\/div><\/span><span class=\"frymo-listing-meta-item frymo-listing-bathrooms \" data-frymo-tooltip=\"Badezimmer\"><i class=\"frymo-icon frymo-icon-bad\"><\/i><div class=\"frymo-listing-meta-item-value\">1<\/div><\/span><span class=\"frymo-listing-meta-item frymo-listing-ground_area \" data-frymo-tooltip=\"Grundst\u00fccksfl\u00e4che ca.\"><i class=\"frymo-icon frymo-icon-grundstuecksflaeche\"><\/i><div class=\"frymo-listing-meta-item-value\">559,00 m\u00b2<\/div><\/span><\/div><\/div><\/article><article class=\"frymo-listing-item post-id-10746 swiper-slide\"><div class=\"frymo-listing-image\"><div class=\"frymo-listing-badges\"><div class=\"frymo-listing-badge badge-type badge-kauf\">Kauf<\/div><\/div><div class=\"frymo-listing-image-wrapper\"><img decoding=\"async\" width=\"768\" height=\"581\" src=\"https:\/\/rd-immokonzept.de\/wp-content\/uploads\/2026\/02\/d480ef23-ac68-468e-b2c9-47808882304b.jpg\" class=\"attachment-medium_large size-medium_large wp-post-image\" alt=\"Ansicht\" srcset=\"https:\/\/rd-immokonzept.de\/wp-content\/uploads\/2026\/02\/d480ef23-ac68-468e-b2c9-47808882304b.jpg 1000w, https:\/\/rd-immokonzept.de\/wp-content\/uploads\/2026\/02\/d480ef23-ac68-468e-b2c9-47808882304b-16x12.jpg 16w\" sizes=\"(max-width: 768px) 100vw, 768px\" title=\"\"><\/div><\/div><div class=\"frymo-listing-content\"><h3 class='frymo-listing-title'>Einfamilienhaus<\/h3><div class=\"frymo-listing-location\"><i class=\"frymo-icon frymo-icon-location-2\"><\/i>Hermsdorf<\/div><div class=\"frymo-listing-meta\"><span class=\"frymo-listing-meta-item frymo-listing-area \" data-frymo-tooltip=\"Wohnfl\u00e4che ca.\"><i class=\"frymo-icon frymo-icon-flaeche\"><\/i><div class=\"frymo-listing-meta-item-value\">110,00 m\u00b2<\/div><\/span><span class=\"frymo-listing-meta-item frymo-listing-bedrooms \" data-frymo-tooltip=\"Schlafzimmer\"><i class=\"frymo-icon frymo-icon-betten\"><\/i><div class=\"frymo-listing-meta-item-value\">2<\/div><\/span><span class=\"frymo-listing-meta-item frymo-listing-bathrooms \" data-frymo-tooltip=\"Badezimmer\"><i class=\"frymo-icon frymo-icon-bad\"><\/i><div class=\"frymo-listing-meta-item-value\">1<\/div><\/span><span class=\"frymo-listing-meta-item frymo-listing-ground_area \" data-frymo-tooltip=\"Grundst\u00fccksfl\u00e4che ca.\"><i class=\"frymo-icon frymo-icon-grundstuecksflaeche\"><\/i><div class=\"frymo-listing-meta-item-value\">6.495,00 m\u00b2<\/div><\/span><\/div><\/div><\/article><article class=\"frymo-listing-item post-id-9409 swiper-slide\"><div class=\"frymo-listing-image\"><div class=\"frymo-listing-badges\"><div class=\"frymo-listing-badge badge-type badge-kauf\">Kauf<\/div><\/div><div class=\"frymo-listing-image-wrapper\"><img decoding=\"async\" width=\"768\" height=\"581\" src=\"https:\/\/rd-immokonzept.de\/wp-content\/uploads\/2025\/09\/6572cbeb-8691-4d65-9589-c289193c0337.jpg\" class=\"attachment-medium_large size-medium_large wp-post-image\" alt=\"Au\u00dfenansicht\" srcset=\"https:\/\/rd-immokonzept.de\/wp-content\/uploads\/2025\/09\/6572cbeb-8691-4d65-9589-c289193c0337.jpg 1000w, https:\/\/rd-immokonzept.de\/wp-content\/uploads\/2025\/09\/6572cbeb-8691-4d65-9589-c289193c0337-16x12.jpg 16w\" sizes=\"(max-width: 768px) 100vw, 768px\" title=\"\"><\/div><\/div><div class=\"frymo-listing-content\"><h3 class='frymo-listing-title'>Einfamilienhaus<\/h3><div class=\"frymo-listing-location\"><i class=\"frymo-icon frymo-icon-location-2\"><\/i>Neustadt an der Orla \/ Molbitz<\/div><div class=\"frymo-listing-meta\"><span class=\"frymo-listing-meta-item frymo-listing-area \" data-frymo-tooltip=\"Wohnfl\u00e4che ca.\"><i class=\"frymo-icon frymo-icon-flaeche\"><\/i><div class=\"frymo-listing-meta-item-value\">120,00 m\u00b2<\/div><\/span><span class=\"frymo-listing-meta-item frymo-listing-rooms \" data-frymo-tooltip=\"Zimmer\"><i class=\"frymo-icon frymo-icon-raum\"><\/i><div class=\"frymo-listing-meta-item-value\">6<\/div><\/span><span class=\"frymo-listing-meta-item frymo-listing-bathrooms \" data-frymo-tooltip=\"Badezimmer\"><i class=\"frymo-icon frymo-icon-bad\"><\/i><div class=\"frymo-listing-meta-item-value\">2<\/div><\/span><span class=\"frymo-listing-meta-item frymo-listing-ground_area \" data-frymo-tooltip=\"Grundst\u00fccksfl\u00e4che ca.\"><i class=\"frymo-icon frymo-icon-grundstuecksflaeche\"><\/i><div class=\"frymo-listing-meta-item-value\">554,00 m\u00b2<\/div><\/span><\/div><\/div><\/article><article class=\"frymo-listing-item post-id-6759 swiper-slide\"><div class=\"frymo-listing-image\"><div class=\"frymo-listing-badges\"><div class=\"frymo-listing-badge badge-type badge-kauf\">Kauf<\/div><\/div><div class=\"frymo-listing-image-wrapper\"><img decoding=\"async\" width=\"768\" height=\"442\" src=\"https:\/\/rd-immokonzept.de\/wp-content\/uploads\/2025\/02\/184ff90a-0eee-412e-9bfa-3dca1ba02408.jpg\" class=\"attachment-medium_large size-medium_large wp-post-image\" alt=\"Luftbild\" srcset=\"https:\/\/rd-immokonzept.de\/wp-content\/uploads\/2025\/02\/184ff90a-0eee-412e-9bfa-3dca1ba02408.jpg 1000w, https:\/\/rd-immokonzept.de\/wp-content\/uploads\/2025\/02\/184ff90a-0eee-412e-9bfa-3dca1ba02408-18x10.jpg 18w\" sizes=\"(max-width: 768px) 100vw, 768px\" title=\"\"><\/div><\/div><div class=\"frymo-listing-content\"><h3 class='frymo-listing-title'>Einfamilienhaus<\/h3><div class=\"frymo-listing-location\"><i class=\"frymo-icon frymo-icon-location-2\"><\/i>Jena<\/div><div class=\"frymo-listing-meta\"><span class=\"frymo-listing-meta-item frymo-listing-area \" data-frymo-tooltip=\"Wohnfl\u00e4che ca.\"><i class=\"frymo-icon frymo-icon-flaeche\"><\/i><div class=\"frymo-listing-meta-item-value\">110,00 m\u00b2<\/div><\/span><span class=\"frymo-listing-meta-item frymo-listing-bedrooms \" data-frymo-tooltip=\"Schlafzimmer\"><i class=\"frymo-icon frymo-icon-betten\"><\/i><div class=\"frymo-listing-meta-item-value\">3<\/div><\/span><span class=\"frymo-listing-meta-item frymo-listing-rooms \" data-frymo-tooltip=\"Zimmer\"><i class=\"frymo-icon frymo-icon-raum\"><\/i><div class=\"frymo-listing-meta-item-value\">7<\/div><\/span><span class=\"frymo-listing-meta-item frymo-listing-bathrooms \" data-frymo-tooltip=\"Badezimmer\"><i class=\"frymo-icon frymo-icon-bad\"><\/i><div class=\"frymo-listing-meta-item-value\">1<\/div><\/span><span class=\"frymo-listing-meta-item frymo-listing-ground_area \" data-frymo-tooltip=\"Grundst\u00fccksfl\u00e4che ca.\"><i class=\"frymo-icon frymo-icon-grundstuecksflaeche\"><\/i><div class=\"frymo-listing-meta-item-value\">502,00 m\u00b2<\/div><\/span><\/div><\/div><\/article><\/div><\/div>\t\t\t\t<\/div>\n\t\t\t\t<\/div>\n\t\t\t\t<\/div>\n\t\t<div class=\"elementor-element elementor-element-96ee9c4 e-flex e-con-boxed e-con e-parent\" data-id=\"96ee9c4\" data-element_type=\"container\" data-e-type=\"container\" data-settings=\"{&quot;background_background&quot;:&quot;classic&quot;}\">\n\t\t\t\t\t<div class=\"e-con-inner\">\n\t\t<div class=\"elementor-element elementor-element-3deed22 e-con-full e-flex e-con e-child\" data-id=\"3deed22\" data-element_type=\"container\" data-e-type=\"container\">\n\t\t\t\t<div class=\"elementor-element elementor-element-8b76db1 elementor-widget elementor-widget-heading\" data-id=\"8b76db1\" data-element_type=\"widget\" data-e-type=\"widget\" data-widget_type=\"heading.default\">\n\t\t\t\t<div class=\"elementor-widget-container\">\n\t\t\t\t\t<h2 class=\"elementor-heading-title elementor-size-default\">Jetzt kostenfreie Preiseinsch\u00e4tzung Ihrer Immobilie<\/h2>\t\t\t\t<\/div>\n\t\t\t\t<\/div>\n\t\t\t\t<div class=\"elementor-element elementor-element-1aea700 elementor-widget elementor-widget-text-editor\" data-id=\"1aea700\" data-element_type=\"widget\" data-e-type=\"widget\" data-widget_type=\"text-editor.default\">\n\t\t\t\t<div class=\"elementor-widget-container\">\n\t\t\t\t\t\t\t\t\t<p>Was ist ein Haus eigentlich wert? Die meisten Immobilienbesitzer werden sich diese Frage schon einmal gestellt haben. Pauschal ist sie jedoch nicht so leicht zu beantworten, da es stets auf den Einzelfall ankommt.\u00a0<\/p>\t\t\t\t\t\t\t\t<\/div>\n\t\t\t\t<\/div>\n\t\t\t\t<\/div>\n\t\t<div class=\"elementor-element elementor-element-d1c1498 e-con-full e-flex e-con e-child\" data-id=\"d1c1498\" data-element_type=\"container\" data-e-type=\"container\">\n\t\t\t\t<div class=\"elementor-element elementor-element-4d8353b elementor-align-justify btn-w-100-mobile elementor-widget elementor-widget-button\" data-id=\"4d8353b\" data-element_type=\"widget\" data-e-type=\"widget\" data-widget_type=\"button.default\">\n\t\t\t\t<div class=\"elementor-widget-container\">\n\t\t\t\t\t\t\t\t\t<div class=\"elementor-button-wrapper\">\n\t\t\t\t\t<a class=\"elementor-button elementor-button-link elementor-size-sm\" href=\"https:\/\/rd-immokonzept.de\/immobilienbewertung\/\">\n\t\t\t\t\t\t<span class=\"elementor-button-content-wrapper\">\n\t\t\t\t\t\t\t\t\t<span class=\"elementor-button-text\">Immobilienwert jetzt ermitteln lassen<\/span>\n\t\t\t\t\t<\/span>\n\t\t\t\t\t<\/a>\n\t\t\t\t<\/div>\n\t\t\t\t\t\t\t\t<\/div>\n\t\t\t\t<\/div>\n\t\t\t\t<\/div>\n\t\t\t\t\t<\/div>\n\t\t\t\t<\/div>\n\t\t<div class=\"elementor-element elementor-element-9cf8bf2 e-flex e-con-boxed e-con e-parent\" data-id=\"9cf8bf2\" data-element_type=\"container\" data-e-type=\"container\">\n\t\t\t\t\t<div class=\"e-con-inner\">\n\t\t<div class=\"elementor-element elementor-element-b1cfeaf e-con-full e-flex e-con e-child\" data-id=\"b1cfeaf\" data-element_type=\"container\" data-e-type=\"container\">\n\t\t\t\t<div class=\"elementor-element elementor-element-1ec3646 elementor-widget elementor-widget-heading\" data-id=\"1ec3646\" data-element_type=\"widget\" data-e-type=\"widget\" data-widget_type=\"heading.default\">\n\t\t\t\t<div class=\"elementor-widget-container\">\n\t\t\t\t\t<h2 class=\"elementor-heading-title elementor-size-default\">Wir haben die Antworten auf Ihre Fragen<\/h2>\t\t\t\t<\/div>\n\t\t\t\t<\/div>\n\t\t\t\t<div class=\"elementor-element elementor-element-1d91c16 elementor-widget elementor-widget-n-accordion\" data-id=\"1d91c16\" data-element_type=\"widget\" data-e-type=\"widget\" data-settings=\"{&quot;default_state&quot;:&quot;expanded&quot;,&quot;max_items_expended&quot;:&quot;one&quot;,&quot;n_accordion_animation_duration&quot;:{&quot;unit&quot;:&quot;ms&quot;,&quot;size&quot;:400,&quot;sizes&quot;:[]}}\" data-widget_type=\"nested-accordion.default\">\n\t\t\t\t<div class=\"elementor-widget-container\">\n\t\t\t\t\t\t\t<div class=\"e-n-accordion\" aria-label=\"Accordion. Open links with Enter or Space, close with Escape, and navigate with Arrow Keys\">\n\t\t\t\t\t\t<details id=\"e-n-accordion-item-3100\" class=\"e-n-accordion-item\" open>\n\t\t\t\t<summary class=\"e-n-accordion-item-title\" data-accordion-index=\"1\" tabindex=\"0\" aria-expanded=\"true\" aria-controls=\"e-n-accordion-item-3100\" >\n\t\t\t\t\t<span class='e-n-accordion-item-title-header'><div class=\"e-n-accordion-item-title-text\"> Was ist der K\u00e4uferfinder? <\/div><\/span>\n\t\t\t\t\t\t\t<span class='e-n-accordion-item-title-icon'>\n\t\t\t<span class='e-opened' ><svg aria-hidden=\"true\" class=\"e-font-icon-svg e-fas-minus\" viewBox=\"0 0 448 512\" xmlns=\"http:\/\/www.w3.org\/2000\/svg\"><path d=\"M416 208H32c-17.67 0-32 14.33-32 32v32c0 17.67 14.33 32 32 32h384c17.67 0 32-14.33 32-32v-32c0-17.67-14.33-32-32-32z\"><\/path><\/svg><\/span>\n\t\t\t<span class='e-closed'><svg aria-hidden=\"true\" class=\"e-font-icon-svg e-fas-plus\" viewBox=\"0 0 448 512\" xmlns=\"http:\/\/www.w3.org\/2000\/svg\"><path d=\"M416 208H272V64c0-17.67-14.33-32-32-32h-32c-17.67 0-32 14.33-32 32v144H32c-17.67 0-32 14.33-32 32v32c0 17.67 14.33 32 32 32h144v144c0 17.67 14.33 32 32 32h32c17.67 0 32-14.33 32-32V304h144c17.67 0 32-14.33 32-32v-32c0-17.67-14.33-32-32-32z\"><\/path><\/svg><\/span>\n\t\t<\/span>\n\n\t\t\t\t\t\t<\/summary>\n\t\t\t\t<div role=\"region\" aria-labelledby=\"e-n-accordion-item-3100\" class=\"elementor-element elementor-element-60dbc8c e-con-full e-flex e-con e-child\" data-id=\"60dbc8c\" data-element_type=\"container\" data-e-type=\"container\">\n\t\t\t\t<div class=\"elementor-element elementor-element-976bfdd elementor-widget elementor-widget-text-editor\" data-id=\"976bfdd\" data-element_type=\"widget\" data-e-type=\"widget\" data-widget_type=\"text-editor.default\">\n\t\t\t\t<div class=\"elementor-widget-container\">\n\t\t\t\t\t\t\t\t\tDer K\u00e4uferfinder ist ein innovatives Tool, das es Verk\u00e4ufern erm\u00f6glicht, potenzielle K\u00e4ufer zu identifizieren, die in einem bestimmten PLZ-Bereich aktiv nach Immobilien suchen.\t\t\t\t\t\t\t\t<\/div>\n\t\t\t\t<\/div>\n\t\t\t\t<\/div>\n\t\t\t\t\t<\/details>\n\t\t\t\t\t\t<details id=\"e-n-accordion-item-3101\" class=\"e-n-accordion-item\" >\n\t\t\t\t<summary class=\"e-n-accordion-item-title\" data-accordion-index=\"2\" tabindex=\"-1\" aria-expanded=\"false\" aria-controls=\"e-n-accordion-item-3101\" >\n\t\t\t\t\t<span class='e-n-accordion-item-title-header'><div class=\"e-n-accordion-item-title-text\"> Wie funktioniert der K\u00e4uferfinder? <\/div><\/span>\n\t\t\t\t\t\t\t<span class='e-n-accordion-item-title-icon'>\n\t\t\t<span class='e-opened' ><svg aria-hidden=\"true\" class=\"e-font-icon-svg e-fas-minus\" viewBox=\"0 0 448 512\" xmlns=\"http:\/\/www.w3.org\/2000\/svg\"><path d=\"M416 208H32c-17.67 0-32 14.33-32 32v32c0 17.67 14.33 32 32 32h384c17.67 0 32-14.33 32-32v-32c0-17.67-14.33-32-32-32z\"><\/path><\/svg><\/span>\n\t\t\t<span class='e-closed'><svg aria-hidden=\"true\" class=\"e-font-icon-svg e-fas-plus\" viewBox=\"0 0 448 512\" xmlns=\"http:\/\/www.w3.org\/2000\/svg\"><path d=\"M416 208H272V64c0-17.67-14.33-32-32-32h-32c-17.67 0-32 14.33-32 32v144H32c-17.67 0-32 14.33-32 32v32c0 17.67 14.33 32 32 32h144v144c0 17.67 14.33 32 32 32h32c17.67 0 32-14.33 32-32V304h144c17.67 0 32-14.33 32-32v-32c0-17.67-14.33-32-32-32z\"><\/path><\/svg><\/span>\n\t\t<\/span>\n\n\t\t\t\t\t\t<\/summary>\n\t\t\t\t<div role=\"region\" aria-labelledby=\"e-n-accordion-item-3101\" class=\"elementor-element elementor-element-d862ec5 e-con-full e-flex e-con e-child\" data-id=\"d862ec5\" data-element_type=\"container\" data-e-type=\"container\">\n\t\t\t\t<div class=\"elementor-element elementor-element-87c8cd9 elementor-widget elementor-widget-text-editor\" data-id=\"87c8cd9\" data-element_type=\"widget\" data-e-type=\"widget\" data-widget_type=\"text-editor.default\">\n\t\t\t\t<div class=\"elementor-widget-container\">\n\t\t\t\t\t\t\t\t\tDer K\u00e4uferfinder nutzt die in unserer Datenbank hinterlegten Suchprofile und visualisiert K\u00e4ufer, die Interesse an einem Kauf in Ihrer Region haben.\t\t\t\t\t\t\t\t<\/div>\n\t\t\t\t<\/div>\n\t\t\t\t<\/div>\n\t\t\t\t\t<\/details>\n\t\t\t\t\t\t<details id=\"e-n-accordion-item-3102\" class=\"e-n-accordion-item\" >\n\t\t\t\t<summary class=\"e-n-accordion-item-title\" data-accordion-index=\"3\" tabindex=\"-1\" aria-expanded=\"false\" aria-controls=\"e-n-accordion-item-3102\" >\n\t\t\t\t\t<span class='e-n-accordion-item-title-header'><div class=\"e-n-accordion-item-title-text\"> Welche Vorteile bietet mir der K\u00e4uferfinder? <\/div><\/span>\n\t\t\t\t\t\t\t<span class='e-n-accordion-item-title-icon'>\n\t\t\t<span class='e-opened' ><svg aria-hidden=\"true\" class=\"e-font-icon-svg e-fas-minus\" viewBox=\"0 0 448 512\" xmlns=\"http:\/\/www.w3.org\/2000\/svg\"><path d=\"M416 208H32c-17.67 0-32 14.33-32 32v32c0 17.67 14.33 32 32 32h384c17.67 0 32-14.33 32-32v-32c0-17.67-14.33-32-32-32z\"><\/path><\/svg><\/span>\n\t\t\t<span class='e-closed'><svg aria-hidden=\"true\" class=\"e-font-icon-svg e-fas-plus\" viewBox=\"0 0 448 512\" xmlns=\"http:\/\/www.w3.org\/2000\/svg\"><path d=\"M416 208H272V64c0-17.67-14.33-32-32-32h-32c-17.67 0-32 14.33-32 32v144H32c-17.67 0-32 14.33-32 32v32c0 17.67 14.33 32 32 32h144v144c0 17.67 14.33 32 32 32h32c17.67 0 32-14.33 32-32V304h144c17.67 0 32-14.33 32-32v-32c0-17.67-14.33-32-32-32z\"><\/path><\/svg><\/span>\n\t\t<\/span>\n\n\t\t\t\t\t\t<\/summary>\n\t\t\t\t<div role=\"region\" aria-labelledby=\"e-n-accordion-item-3102\" class=\"elementor-element elementor-element-4d5fc02 e-con-full e-flex e-con e-child\" data-id=\"4d5fc02\" data-element_type=\"container\" data-e-type=\"container\">\n\t\t\t\t<div class=\"elementor-element elementor-element-f41ede7 elementor-widget elementor-widget-text-editor\" data-id=\"f41ede7\" data-element_type=\"widget\" data-e-type=\"widget\" data-widget_type=\"text-editor.default\">\n\t\t\t\t<div class=\"elementor-widget-container\">\n\t\t\t\t\t\t\t\t\tSie k\u00f6nnen gezielt K\u00e4ufer ansprechen, die bereits Interesse an Immobilien in Ihrer Region haben, was den Verkaufsprozess effizienter und erfolgreicher gestaltet. \t\t\t\t\t\t\t\t<\/div>\n\t\t\t\t<\/div>\n\t\t\t\t<\/div>\n\t\t\t\t\t<\/details>\n\t\t\t\t\t\t<details id=\"e-n-accordion-item-3103\" class=\"e-n-accordion-item\" >\n\t\t\t\t<summary class=\"e-n-accordion-item-title\" data-accordion-index=\"4\" tabindex=\"-1\" aria-expanded=\"false\" aria-controls=\"e-n-accordion-item-3103\" >\n\t\t\t\t\t<span class='e-n-accordion-item-title-header'><div class=\"e-n-accordion-item-title-text\"> Welche Daten werden im K\u00e4uferfinder verwendet? <\/div><\/span>\n\t\t\t\t\t\t\t<span class='e-n-accordion-item-title-icon'>\n\t\t\t<span class='e-opened' ><svg aria-hidden=\"true\" class=\"e-font-icon-svg e-fas-minus\" viewBox=\"0 0 448 512\" xmlns=\"http:\/\/www.w3.org\/2000\/svg\"><path d=\"M416 208H32c-17.67 0-32 14.33-32 32v32c0 17.67 14.33 32 32 32h384c17.67 0 32-14.33 32-32v-32c0-17.67-14.33-32-32-32z\"><\/path><\/svg><\/span>\n\t\t\t<span class='e-closed'><svg aria-hidden=\"true\" class=\"e-font-icon-svg e-fas-plus\" viewBox=\"0 0 448 512\" xmlns=\"http:\/\/www.w3.org\/2000\/svg\"><path d=\"M416 208H272V64c0-17.67-14.33-32-32-32h-32c-17.67 0-32 14.33-32 32v144H32c-17.67 0-32 14.33-32 32v32c0 17.67 14.33 32 32 32h144v144c0 17.67 14.33 32 32 32h32c17.67 0 32-14.33 32-32V304h144c17.67 0 32-14.33 32-32v-32c0-17.67-14.33-32-32-32z\"><\/path><\/svg><\/span>\n\t\t<\/span>\n\n\t\t\t\t\t\t<\/summary>\n\t\t\t\t<div role=\"region\" aria-labelledby=\"e-n-accordion-item-3103\" class=\"elementor-element elementor-element-d0ab90d e-con-full e-flex e-con e-child\" data-id=\"d0ab90d\" data-element_type=\"container\" data-e-type=\"container\">\n\t\t\t\t<div class=\"elementor-element elementor-element-02693a4 elementor-widget elementor-widget-text-editor\" data-id=\"02693a4\" data-element_type=\"widget\" data-e-type=\"widget\" data-widget_type=\"text-editor.default\">\n\t\t\t\t<div class=\"elementor-widget-container\">\n\t\t\t\t\t\t\t\t\tEs werden ausschlie\u00dflich anonymisierte, aktive Suchprofile verwendet, die von potenziellen K\u00e4ufern in unserer Datenbank hinterlegt wurden.\t\t\t\t\t\t\t\t<\/div>\n\t\t\t\t<\/div>\n\t\t\t\t<\/div>\n\t\t\t\t\t<\/details>\n\t\t\t\t\t<\/div>\n\t\t\t\t\t\t<\/div>\n\t\t\t\t<\/div>\n\t\t\t\t<\/div>\n\t\t<div class=\"elementor-element elementor-element-36b1afc e-con-full e-flex e-con e-child\" data-id=\"36b1afc\" data-element_type=\"container\" data-e-type=\"container\" data-settings=\"{&quot;background_background&quot;:&quot;classic&quot;}\">\n\t\t\t\t<div class=\"elementor-element elementor-element-f1f8c98 elementor-widget elementor-widget-heading\" data-id=\"f1f8c98\" data-element_type=\"widget\" data-e-type=\"widget\" data-widget_type=\"heading.default\">\n\t\t\t\t<div class=\"elementor-widget-container\">\n\t\t\t\t\t<div class=\"elementor-heading-title elementor-size-default\">Sprechen Sie uns an!<\/div>\t\t\t\t<\/div>\n\t\t\t\t<\/div>\n\t\t\t\t<div class=\"elementor-element elementor-element-d553802 elementor-widget elementor-widget-text-editor\" data-id=\"d553802\" data-element_type=\"widget\" data-e-type=\"widget\" data-widget_type=\"text-editor.default\">\n\t\t\t\t<div class=\"elementor-widget-container\">\n\t\t\t\t\t\t\t\t\t<p><strong>Telefon<\/strong> 03641 221 670<\/p>\t\t\t\t\t\t\t\t<\/div>\n\t\t\t\t<\/div>\n\t\t\t\t<div class=\"elementor-element elementor-element-d8731bf elementor-align-justify elementor-widget elementor-widget-button\" data-id=\"d8731bf\" data-element_type=\"widget\" data-e-type=\"widget\" data-widget_type=\"button.default\">\n\t\t\t\t<div class=\"elementor-widget-container\">\n\t\t\t\t\t\t\t\t\t<div class=\"elementor-button-wrapper\">\n\t\t\t\t\t<a class=\"elementor-button elementor-button-link elementor-size-sm\" href=\"tel:03641221670\">\n\t\t\t\t\t\t<span class=\"elementor-button-content-wrapper\">\n\t\t\t\t\t\t\t\t\t<span class=\"elementor-button-text\">Kontakt aufnehmen<\/span>\n\t\t\t\t\t<\/span>\n\t\t\t\t\t<\/a>\n\t\t\t\t<\/div>\n\t\t\t\t\t\t\t\t<\/div>\n\t\t\t\t<\/div>\n\t\t\t\t<\/div>\n\t\t\t\t\t<\/div>\n\t\t\t\t<\/div>\n\t\t\t\t<\/div>\n\t\t","protected":false},"excerpt":{"rendered":"<p>Finden Sie den perfekten K\u00e4ufer f\u00fcr Ihre Immobilie Mit unserem innovativen K\u00e4uferfinder-Tool bieten wir Verk\u00e4ufern eine einzigartige M\u00f6glichkeit, potenzielle K\u00e4ufer f\u00fcr Ihre Immobilie schnell und effizient zu identifizieren. Basierend auf den in unserer Makler-Datenbank hinterlegten aktiven Suchprofilen visualisiert der K\u00e4uferfinder alle Interessenten, die in einem bestimmten PLZ-Bereich nach Immobilien suchen. Sehen Sie hier welche Kontakte [&hellip;]<\/p>\n","protected":false},"author":5,"featured_media":0,"parent":0,"menu_order":0,"comment_status":"closed","ping_status":"closed","template":"","meta":{"_acf_changed":false,"footnotes":""},"class_list":["post-3756","page","type-page","status-publish","hentry"],"acf":[],"_links":{"self":[{"href":"https:\/\/rd-immokonzept.de\/en\/wp-json\/wp\/v2\/pages\/3756","targetHints":{"allow":["GET"]}}],"collection":[{"href":"https:\/\/rd-immokonzept.de\/en\/wp-json\/wp\/v2\/pages"}],"about":[{"href":"https:\/\/rd-immokonzept.de\/en\/wp-json\/wp\/v2\/types\/page"}],"author":[{"embeddable":true,"href":"https:\/\/rd-immokonzept.de\/en\/wp-json\/wp\/v2\/users\/5"}],"replies":[{"embeddable":true,"href":"https:\/\/rd-immokonzept.de\/en\/wp-json\/wp\/v2\/comments?post=3756"}],"version-history":[{"count":3,"href":"https:\/\/rd-immokonzept.de\/en\/wp-json\/wp\/v2\/pages\/3756\/revisions"}],"predecessor-version":[{"id":8322,"href":"https:\/\/rd-immokonzept.de\/en\/wp-json\/wp\/v2\/pages\/3756\/revisions\/8322"}],"wp:attachment":[{"href":"https:\/\/rd-immokonzept.de\/en\/wp-json\/wp\/v2\/media?parent=3756"}],"curies":[{"name":"wp","href":"https:\/\/api.w.org\/{rel}","templated":true}]}}